{"id":25,"date":"2019-06-18T18:02:01","date_gmt":"2019-06-18T21:02:01","guid":{"rendered":"http:\/\/seminarios.isciweb.com.br\/?page_id=25"},"modified":"2025-09-26T10:03:19","modified_gmt":"2025-09-26T14:03:19","slug":"palestra-orientacao","status":"publish","type":"page","link":"https:\/\/seminarios.isciweb.com.br\/index.php\/palestra-orientacao\/","title":{"rendered":"Palestra &#8211; orienta\u00e7\u00e3o:"},"content":{"rendered":"\n<p class=\"has-very-dark-gray-color has-text-color\">As palestras devem ter dura\u00e7\u00e3o m\u00ednima de 10 minutos e m\u00e1xima de 25 minutos.<\/p>\n\n\n\n<p class=\"has-text-align-right has-very-dark-gray-color has-text-color\">Sua palestra pode abranger qualquer tema relativo \u00e0 educa\u00e7\u00e3o, mesmo que seu trabalho j\u00e1 tenha sido publicado conosco em forma de artigo, livro ou cap\u00edtulo de livro.<\/p>\n\n\n\n<p class=\"has-very-dark-gray-color has-text-color\">Como apoio did\u00e1tico no momento da apresenta\u00e7\u00e3o, sugerimos a utiliza\u00e7\u00e3o de slides ou lousa e\/ou outros materiais did\u00e1ticos que facilitem o entendimento do tema.<\/p>\n\n\n\n<p class=\"has-text-align-right has-very-dark-gray-color has-text-color\">Este semin\u00e1rio ser\u00e1 realizado de forma online para facilitar a participa\u00e7\u00e3o de todos os interessados independente de sua localiza\u00e7\u00e3o. Optou-se tamb\u00e9m pela modalidade gravada para as palestras, comunica\u00e7\u00f5es orais e oficinas, haja vista o funcionamento irregular da Internet em algumas cidades de nossa regi\u00e3o.<\/p>\n\n\n\n<p class=\"has-text-align-right has-very-dark-gray-color has-text-color\">Deste modo, o palestrante dever\u00e1 filmar sua apresenta\u00e7\u00e3o (pode utilizar seu pr\u00f3prio celular) e enviar para nossa equipe organizadora atrav\u00e9s do e-mail institutosaber.adm@gmail.com ou em um dos WhatsApp a seguir: (66) 99616-2930 \/ 99687-8773.<\/p>\n\n\n\n<p class=\"has-very-dark-gray-color has-text-color\"><strong>O palestrante ter\u00e1 duas op\u00e7\u00f5es para fazer esta grava\u00e7\u00e3o:<\/strong><br><strong>&#8211; Op\u00e7\u00e3o 1:<\/strong> voc\u00ea pode fazer a apresenta\u00e7\u00e3o de slide e gravar apenas o \u00e1udio da palestra. Nesse caso, faremos a montagem para que os slides sejam passamos \u00e0 medida em que v\u00e3o sendo explicados atrav\u00e9s do \u00e1udio gravado pelo autor.<br><strong>&#8211; Op\u00e7\u00e3o 2:<\/strong> voc\u00ea pode fazer a apresenta\u00e7\u00e3o de sua palestra utilizando os recursos que julgar pertinentes e gravar o v\u00eddeo (com \u00e1udio) utilizando seu celular. Este v\u00eddeo pode ser dividido em v\u00e1rios v\u00eddeos menores para facilitar o envio. Nossa equipe far\u00e1 a jun\u00e7\u00e3o dos mesmos.<\/p>\n\n\n\n<p class=\"has-very-dark-gray-color has-text-color\">Valor da inscri\u00e7\u00e3o:<br>&#8211; Palestra com um autor R$90,00<br>&#8211; Palestra com dois autores R$120,00<br>&#8211; Palestra com tr\u00eas autores R$150,00<br>&#8211; Palestra com quatro autores R$180,00<br>&#8211; Palestra com cinco autores R$210,00 <br>Com certificado de apresenta\u00e7\u00e3o envido por e-mail.<br>Caso precise do certificado impresso, ser\u00e1 acrescido R$ 25,00 pela impress\u00e3o de cada via e mais R$ 20,00 de Correios (caso o participante n\u00e3o venha retirar no Instituto Saber em Sinop-MT).   <\/p>\n\n\n\n<p class=\"has-text-align-center\"><a href=\"http:\/\/seminarios.isciweb.com.br\/wp-content\/uploads\/2022\/06\/modelo-palestra.pptx\">>clique para baixar um modelo de formata\u00e7\u00e3o de slide&lt;<\/a><\/p>\n\n\n\n<p class=\"has-very-dark-gray-color has-text-color\">Obs.: O autor tem liberdade para criar seu pr\u00f3prio slide do zero, modificar este modelo disponibilizado ou valer-se de outros recursos para sua apresenta\u00e7\u00e3o.<\/p>\n\n\n\n<p class=\"has-text-align-center has-very-dark-gray-color has-text-color\"><strong>Clique, inscreva-se j\u00e1! <\/strong><br>(Vagas limitadas.)<br><a class=\"maxbutton-3 maxbutton maxbutton-apresentacao-palestra\" target=\"_blank\" rel=\"noopener\" href=\"https:\/\/docs.google.com\/forms\/d\/e\/1FAIpQLSecDSbpOYVu4mrdiMpqyEeDEFIVplCaBAcyyiKwlMtZOfKhOQ\/viewform?usp=sf_link\"><span class='mb-text'>&gt;Inscri\u00e7\u00e3o apresenta\u00e7\u00e3o palestra&lt;<\/span><\/a><\/p>\n","protected":false},"excerpt":{"rendered":"<p>As palestras devem ter dura\u00e7\u00e3o m\u00ednima de 10 minutos e m\u00e1xima de 25 minutos. Sua palestra pode abranger qualquer tema relativo \u00e0 educa\u00e7\u00e3o, mesmo que seu trabalho j\u00e1 tenha sido publicado conosco em forma de artigo, livro ou cap\u00edtulo de livro. Como apoio did\u00e1tico no momento da apresenta\u00e7\u00e3o, sugerimos a utiliza\u00e7\u00e3o de slides ou lousa [&hellip;]<\/p>\n","protected":false},"author":1,"featured_media":0,"parent":0,"menu_order":0,"comment_status":"closed","ping_status":"closed","template":"","meta":{"footnotes":""},"class_list":["post-25","page","type-page","status-publish","hentry"],"_links":{"self":[{"href":"https:\/\/seminarios.isciweb.com.br\/index.php\/wp-json\/wp\/v2\/pages\/25","targetHints":{"allow":["GET"]}}],"collection":[{"href":"https:\/\/seminarios.isciweb.com.br\/index.php\/wp-json\/wp\/v2\/pages"}],"about":[{"href":"https:\/\/seminarios.isciweb.com.br\/index.php\/wp-json\/wp\/v2\/types\/page"}],"author":[{"embeddable":true,"href":"https:\/\/seminarios.isciweb.com.br\/index.php\/wp-json\/wp\/v2\/users\/1"}],"replies":[{"embeddable":true,"href":"https:\/\/seminarios.isciweb.com.br\/index.php\/wp-json\/wp\/v2\/comments?post=25"}],"version-history":[{"count":18,"href":"https:\/\/seminarios.isciweb.com.br\/index.php\/wp-json\/wp\/v2\/pages\/25\/revisions"}],"predecessor-version":[{"id":999,"href":"https:\/\/seminarios.isciweb.com.br\/index.php\/wp-json\/wp\/v2\/pages\/25\/revisions\/999"}],"wp:attachment":[{"href":"https:\/\/seminarios.isciweb.com.br\/index.php\/wp-json\/wp\/v2\/media?parent=25"}],"curies":[{"name":"wp","href":"https:\/\/api.w.org\/{rel}","templated":true}]}}